{"id":1755,"date":"2021-03-24T12:23:47","date_gmt":"2021-03-24T12:23:47","guid":{"rendered":"http:\/\/miligram20.miligram.pt\/politica-de-privacidade\/"},"modified":"2021-03-24T12:53:59","modified_gmt":"2021-03-24T12:53:59","slug":"politica-de-privacidade","status":"publish","type":"page","link":"https:\/\/verdeaguanatureza.com\/pt-pt\/politica-de-privacidade\/","title":{"rendered":"Pol\u00edtica de privacidade"},"content":{"rendered":"\t\t<div data-elementor-type=\"wp-page\" data-elementor-id=\"1755\" class=\"elementor elementor-1755 elementor-3\" data-elementor-post-type=\"page\">\n\t\t\t\t\t\t<section class=\"elementor-section elementor-top-section elementor-element elementor-element-7d231c7 elementor-section-boxed elementor-section-height-default elementor-section-height-default\" data-id=\"7d231c7\" data-element_type=\"section\" data-e-type=\"section\">\n\t\t\t\t\t\t<div class=\"elementor-container elementor-column-gap-default\">\n\t\t\t\t\t<div class=\"elementor-column elementor-col-100 elementor-top-column elementor-element elementor-element-2f4ec08\" data-id=\"2f4ec08\" data-element_type=\"column\" data-e-type=\"column\">\n\t\t\t<div class=\"elementor-widget-wrap elementor-element-populated\">\n\t\t\t\t\t\t<div class=\"elementor-element elementor-element-3bb045a8 animated-slow elementor-widget__width-auto elementor-invisible elementor-widget elementor-widget-heading\" data-id=\"3bb045a8\" data-element_type=\"widget\" data-e-type=\"widget\" data-settings=\"{&quot;_animation&quot;:&quot;fadeIn&quot;}\" data-widget_type=\"heading.default\">\n\t\t\t\t<div class=\"elementor-widget-container\">\n\t\t\t\t\t<h2 class=\"elementor-heading-title elementor-size-xxl\">Pol\u00edtica de privacidade<\/h2>\t\t\t\t<\/div>\n\t\t\t\t<\/div>\n\t\t\t\t<div class=\"elementor-element elementor-element-8eabd55 elementor-widget elementor-widget-text-editor\" data-id=\"8eabd55\" data-element_type=\"widget\" data-e-type=\"widget\" data-widget_type=\"text-editor.default\">\n\t\t\t\t<div class=\"elementor-widget-container\">\n\t\t\t\t\t\t\t\t\t<p class=\"p1\">Titular: Verde \u00c1gua \u2013 Agroturismo e Agricultura Biol\u00f3gica (doravante \u201cVerde \u00c1gua\u201d)<span class=\"Apple-converted-space\">\u00a0 <\/span>(Joana Gouveia)<br \/>NIF: 217665560<br \/>Sede social: Rua de Vila Verde, 319, 4690-680 Souselo<br \/>E-mail: <a href=\"mailto:geral@verdeaguanatureza.com\">geral@verdeaguanatureza.com<\/a><\/p>\t\t\t\t\t\t\t\t<\/div>\n\t\t\t\t<\/div>\n\t\t\t\t<div class=\"elementor-element elementor-element-07dbf32 elementor-widget elementor-widget-text-editor\" data-id=\"07dbf32\" data-element_type=\"widget\" data-e-type=\"widget\" data-widget_type=\"text-editor.default\">\n\t\t\t\t<div class=\"elementor-widget-container\">\n\t\t\t\t\t\t\t\t\t<p><strong>Informa\u00e7\u00f5es e consentimento<\/strong><\/p><p>Atrav\u00e9s da leitura desta Pol\u00edtica de Privacidade, o Utilizador \u00e9 informado da forma como a Verde \u00c1gua obt\u00e9m, trata e protege os dados pessoais que lhe s\u00e3o enviados atrav\u00e9s da p\u00e1gina Web www.verdeaguanatureza.com (doravante &#8220;Website&#8221;), assim como os dados partilhados atrav\u00e9s da sua liga\u00e7\u00e3o e navega\u00e7\u00e3o pelo Website (doravante &#8220;Navega\u00e7\u00e3o&#8221;) e outros dados que possam beneficiar a Verde \u00c1gua no futuro, obtidos atrav\u00e9s do Contrato de Alojamento ou de qualquer outra via habilitada.<br \/>O Utilizador deve ler atentamente esta Pol\u00edtica de Privacidade, redigida de forma clara e simples para facilitar a sua compreens\u00e3o, e determinar de forma livre e volunt\u00e1ria se pretende fornecer os seus dados pessoais, ou os de terceiros, \u00e0 Verde \u00c1gua.<\/p>\t\t\t\t\t\t\t\t<\/div>\n\t\t\t\t<\/div>\n\t\t\t\t<div class=\"elementor-element elementor-element-a2973a8 elementor-widget elementor-widget-text-editor\" data-id=\"a2973a8\" data-element_type=\"widget\" data-e-type=\"widget\" data-widget_type=\"text-editor.default\">\n\t\t\t\t<div class=\"elementor-widget-container\">\n\t\t\t\t\t\t\t\t\t<p><strong>Obriga\u00e7\u00e3o de fornecimento de dados<\/strong><\/p><p class=\"p1\">Habitualmente, os dados solicitados nos formul\u00e1rios, acess\u00edveis atrav\u00e9s do Website da Verde \u00c1gua, s\u00e3o obrigat\u00f3rios (excepto se o campo em causa n\u00e3o indicar obrigatoriedade) para cumprir as finalidades estabelecidas. Assim, se os mesmos n\u00e3o s\u00e3o fornecidos ou n\u00e3o s\u00e3o fornecidos correctamente, n\u00e3o se podem cumprir estas finalidades.<\/p>\t\t\t\t\t\t\t\t<\/div>\n\t\t\t\t<\/div>\n\t\t\t\t<div class=\"elementor-element elementor-element-13ca1d6 elementor-widget elementor-widget-text-editor\" data-id=\"13ca1d6\" data-element_type=\"widget\" data-e-type=\"widget\" data-widget_type=\"text-editor.default\">\n\t\t\t\t<div class=\"elementor-widget-container\">\n\t\t\t\t\t\t\t\t\t<p><strong>Quais s\u00e3o as finalidades dos dados pessoais do utilizador e durante quanto tempo s\u00e3o utilizados pela verde \u00e1gua?<\/strong><\/p><p class=\"p1\">De acordo com os pedidos do Utilizador, os dados pessoais obtidos ser\u00e3o tratados pela Verde \u00c1gua para as seguintes finalidades:<\/p><ul><li class=\"p1\">Gerir as reservas realizadas, incluindo a gest\u00e3o do pagamento (se necess\u00e1rio) e a gest\u00e3o dos seus pedidos e prefer\u00eancias;<\/li><li class=\"p1\">Gerir a subscri\u00e7\u00e3o \u00e0 Newsletter e posterior envio da mesma;<\/li><li class=\"p1\">Gerir os seus pedidos de contacto com a Verde \u00c1gua atrav\u00e9s dos meios de comunica\u00e7\u00e3o dispon\u00edveis;<\/li><li class=\"p1\">Gerir o envio de comunica\u00e7\u00f5es comerciais personalizadas da Verde \u00c1gua, atrav\u00e9s de meios electr\u00f3nicos e\/ou convencionais, caso o Utilizador tenha consentido expressamente este envio;<\/li><li class=\"p1\">Gerir a presta\u00e7\u00e3o dos servi\u00e7os contratados de alojamento, assim como os servi\u00e7os adicionais prestados durante a estadia;<\/li><li class=\"p1\">Gerir a realiza\u00e7\u00e3o de inqu\u00e9ritos e\/ou avalia\u00e7\u00f5es relativas \u00e0 qualidade dos servi\u00e7os prestados pela Verde \u00c1gua e\/ou \u00e0 percep\u00e7\u00e3o da sua imagem enquanto empresa.<\/li><\/ul><p class=\"p1\">Os dados do Utilizador ser\u00e3o conservados durante o tempo suficiente para o cumprimento de cada finalidade ou at\u00e9 que o Utilizador solicite a sua elimina\u00e7\u00e3o \u00e0 Verde \u00c1gua, se oponha a este tratamento ou revogue o seu consentimento.<\/p>\t\t\t\t\t\t\t\t<\/div>\n\t\t\t\t<\/div>\n\t\t\t\t<div class=\"elementor-element elementor-element-3df8e1f elementor-widget elementor-widget-text-editor\" data-id=\"3df8e1f\" data-element_type=\"widget\" data-e-type=\"widget\" data-widget_type=\"text-editor.default\">\n\t\t\t\t<div class=\"elementor-widget-container\">\n\t\t\t\t\t\t\t\t\t<p><strong>Quais s\u00e3o os dados de utilizador tratados pela verde \u00e1gua?<\/strong><\/p><p class=\"p1\">A Verde \u00c1gua pode tratar as seguintes categorias de dados, de acordo com o pedido feito pelo Utilizador:<\/p><ul><li>Dados de identifica\u00e7\u00e3o: nome e apelidos;<\/li><li>Dados de contacto: endere\u00e7o postal, n\u00famero de telem\u00f3vel e endere\u00e7o de correio electr\u00f3nico;<\/li><li>Dados de caracter\u00edsticas pessoais: data de nascimento, sexo, nacionalidade;<\/li><li>Dados de prefer\u00eancias;<\/li><li>Dados de localiza\u00e7\u00e3o geogr\u00e1fica;<\/li><li>Dados do cart\u00e3o de cr\u00e9dito, necess\u00e1rios para o pagamento da reserva ou para garantir a mesma, assim como para pagar a estadia ou os servi\u00e7os prestados durante a mesma.<\/li><\/ul><p class=\"p1\">Em caso de registo e\/ou acesso atrav\u00e9s de uma conta de terceiros, a Verde \u00c1gua pode recolher e aceder a determinadas informa\u00e7\u00f5es do perfil do Utilizador da rede social correspondente, unicamente para fins administrativos internos e\/ou para as finalidades indicadas anteriormente.<\/p>\t\t\t\t\t\t\t\t<\/div>\n\t\t\t\t<\/div>\n\t\t\t\t<div class=\"elementor-element elementor-element-c7279a4 elementor-widget elementor-widget-text-editor\" data-id=\"c7279a4\" data-element_type=\"widget\" data-e-type=\"widget\" data-widget_type=\"text-editor.default\">\n\t\t\t\t<div class=\"elementor-widget-container\">\n\t\t\t\t\t\t\t\t\t<p><strong>Qual \u00e9 a legitimidade do tratamento dos seus dados?<\/strong><\/p><p class=\"p1\">Os tratamentos dos dados necess\u00e1rios para o cumprimento das finalidades referidas que precisem do consentimento do Utilizador n\u00e3o ser\u00e3o realizados sem o mesmo. Da mesma forma, se o Utilizador revogar o seu consentimento relativo a qualquer dos tratamentos, tal n\u00e3o ir\u00e1 afectar a licitude dos tratamentos efectuados anteriormente.<\/p><p class=\"p1\">Para revogar este consentimento, o Utilizador pode contactar a Verde \u00c1gua atrav\u00e9s dos seguintes meios: atrav\u00e9s de uma carta endere\u00e7ada a Verde \u00c1gua \u2013 Agroturismo e Agricultura Biol\u00f3gica, Rua de Vila Verde, 319, 4690-680 Souselo, ou por e-mail para o endere\u00e7o geral@verdeaguanatureza.com, em ambos os casos com a refer\u00eancia &#8220;Protec\u00e7\u00e3o de Dados&#8221;. Al\u00e9m disso, nos casos em que seja necess\u00e1rio tratar os dados do Utilizador para o cumprimento de uma obriga\u00e7\u00e3o legal ou para a execu\u00e7\u00e3o de uma rela\u00e7\u00e3o contratual existente entre a Verde \u00c1gua e o Utilizador, o tratamento \u00e9 legitimado por ser necess\u00e1rio para o cumprimento dessas finalidades. Por sua vez, o tratamento para a realiza\u00e7\u00e3o de inqu\u00e9ritos e\/ou avalia\u00e7\u00f5es relativas \u00e0 qualidade dos servi\u00e7os prestados pela Verde \u00c1gua e\/ou \u00e0 percep\u00e7\u00e3o da sua imagem enquanto empresa ser\u00e1 realizado de acordo com o interesse leg\u00edtimo do respons\u00e1vel.<\/p>\t\t\t\t\t\t\t\t<\/div>\n\t\t\t\t<\/div>\n\t\t\t\t<div class=\"elementor-element elementor-element-3eb0997 elementor-widget elementor-widget-text-editor\" data-id=\"3eb0997\" data-element_type=\"widget\" data-e-type=\"widget\" data-widget_type=\"text-editor.default\">\n\t\t\t\t<div class=\"elementor-widget-container\">\n\t\t\t\t\t\t\t\t\t<p><strong>Com quem s\u00e3o partilhados os dados do utilizador?<\/strong><\/p><p class=\"p1\">Os dados do Utilizador podem ser partilhados com:<\/p><ul><li class=\"p1\">Fornecedores da Verde \u00c1gua ou operadores hoteleiros necess\u00e1rios para o correto cumprimento das obriga\u00e7\u00f5es legais e\/ou das finalidades indicadas anteriormente;<\/li><li class=\"p1\">Parceiros e empresas colaboradoras da Verde \u00c1gua para o cumprimento das finalidades indicadas anteriormente e\/ou, se autorizado, para o envio de comunica\u00e7\u00f5es comerciais;<\/li><li class=\"p1\">Entidades p\u00fablicas, nos casos previstos pela Lei;<\/li><li class=\"p1\">Os destinat\u00e1rios indicados nesta sec\u00e7\u00e3o podem estar localizados dentro ou fora do Espa\u00e7o Econ\u00f3mico Europeu. No \u00faltimo caso, as transfer\u00eancias internacionais de dados est\u00e3o devidamente legitimadas.<\/li><\/ul>\t\t\t\t\t\t\t\t<\/div>\n\t\t\t\t<\/div>\n\t\t\t\t<div class=\"elementor-element elementor-element-249f037 elementor-widget elementor-widget-text-editor\" data-id=\"249f037\" data-element_type=\"widget\" data-e-type=\"widget\" data-widget_type=\"text-editor.default\">\n\t\t\t\t<div class=\"elementor-widget-container\">\n\t\t\t\t\t\t\t\t\t<p><strong>Responsabilidades do utilizador<\/strong><\/p><p class=\"p1\">O Utilizador deve:<\/p><ul><li class=\"p1\">Garantir que \u00e9 maior de idade ou legalmente emancipado, se necess\u00e1rio, plenamente capaz e que os dados fornecidos \u00e0 Verde \u00c1gua s\u00e3o verdadeiros, precisos, completos e est\u00e3o actualizados. Para tal, o Utilizador garante a veracidade de todos os dados comunicados e continuar\u00e1 a manter convenientemente actualizadas as informa\u00e7\u00f5es fornecidas, de forma a corresponderem \u00e0 sua situa\u00e7\u00e3o real;<\/li><li class=\"p1\">Garantir que nos casos em que forne\u00e7a dados de terceiros, os mesmos s\u00e3o informados do conte\u00fado deste documento. Al\u00e9m do mais, garantir que obteve a autoriza\u00e7\u00e3o destes para fornecer os dados \u00e0 Verde \u00c1gua para os fins assinalados;<\/li><li class=\"p1\">Ser respons\u00e1vel por todas as informa\u00e7\u00f5es falsas ou imprecisas fornecidas atrav\u00e9s do Website, bem como por danos e preju\u00edzos, directos ou indirectos, causados por estas informa\u00e7\u00f5es \u00e0 Verde \u00c1gua ou a terceiros.<\/li><\/ul>\t\t\t\t\t\t\t\t<\/div>\n\t\t\t\t<\/div>\n\t\t\t\t<div class=\"elementor-element elementor-element-a5ed544 elementor-widget elementor-widget-text-editor\" data-id=\"a5ed544\" data-element_type=\"widget\" data-e-type=\"widget\" data-widget_type=\"text-editor.default\">\n\t\t\t\t<div class=\"elementor-widget-container\">\n\t\t\t\t\t\t\t\t\t<p><strong>Comunica\u00e7\u00f5es comerciais e promocionais<\/strong><\/p><p class=\"p1\">Uma das finalidades do tratamento dos dados do Utilizador pelo Verde \u00c1gua \u00e9 o envio de comunica\u00e7\u00f5es comerciais, por meios electr\u00f3nicos e\/ou convencionais, com informa\u00e7\u00f5es relativas a produtos, servi\u00e7os, promo\u00e7\u00f5es, ofertas, eventos ou not\u00edcias relevantes para os Utilizadores. Sempre que se realize alguma comunica\u00e7\u00e3o deste tipo, esta ser\u00e1 enviada \u00fanica e exclusivamente aos Utilizadores que autorizaram a sua recep\u00e7\u00e3o.<\/p><p class=\"p1\">Para realizar estes envios, a Verde \u00c1gua pode analisar os dados obtidos para criar perfis de Utilizador que permitam definir mais detalhadamente os produtos que possam ser do seu interesse.<\/p><p class=\"p1\">Caso o Utilizador pretenda deixar de receber comunica\u00e7\u00f5es comerciais ou promocionais por parte do Verde \u00c1gua, pode pedir o cancelamento do servi\u00e7o, enviando um e-mail para o endere\u00e7o <a href=\"mailto:geral@verdeaguanatureza.com\">geral@verdeaguanatureza.com<\/a> ou cancelando a rece\u00e7\u00e3o atrav\u00e9s da op\u00e7\u00e3o de cancelamento apresentada em todas as comunica\u00e7\u00f5es comerciais enviadas.<\/p>\t\t\t\t\t\t\t\t<\/div>\n\t\t\t\t<\/div>\n\t\t\t\t<div class=\"elementor-element elementor-element-a50ac3a elementor-widget elementor-widget-text-editor\" data-id=\"a50ac3a\" data-element_type=\"widget\" data-e-type=\"widget\" data-widget_type=\"text-editor.default\">\n\t\t\t\t<div class=\"elementor-widget-container\">\n\t\t\t\t\t\t\t\t\t<p><strong>Exerc\u00edcio de direitos<\/strong><\/p><p class=\"p1\">O Utilizador pode enviar uma carta endere\u00e7ada a Verde \u00c1gua \u2013 Agroturismo e Agricultura Biol\u00f3gica, Rua de Vila Verde, 319, 4690-680 Souselo, ou um e-mail para o endere\u00e7o <a href=\"mailto:geral@verdeaguanatureza.com\">geral@verdeaguanatureza.com<\/a>, em ambos os casos com a refer\u00eancia \u201cProtec\u00e7\u00e3o de dados\u201d, a qualquer momento e de forma gratuita, para o exerc\u00edcio dos seus direitos:<\/p><ul><li class=\"p1\">Revogar os consentimentos concedidos;<\/li><li class=\"p1\">Obter confirma\u00e7\u00e3o se a Verde \u00c1gua est\u00e1, ou n\u00e3o, a tratar os dados pessoais relativos ao Utilizador e quais as categorias de dados que est\u00e1 a tratar;<\/li><li class=\"p1\">Aceder aos seus dados pessoais;<\/li><li class=\"p1\">Corrigir os dados imprecisos ou incompletos;<\/li><li class=\"p1\">Solicitar a elimina\u00e7\u00e3o dos seus dados quando, entre outros motivos, os dados j\u00e1 n\u00e3o s\u00e3o necess\u00e1rios para os fins para os quais foram recolhidos;<\/li><li class=\"p1\">Obter da Verde \u00c1gua uma limita\u00e7\u00e3o ao tratamento dos dados, aquando da verifica\u00e7\u00e3o de alguma das condi\u00e7\u00f5es previstas no regulamento de protec\u00e7\u00e3o de dados;<\/li><li class=\"p1\">Solicitar a portabilidade dos seus dados;<\/li><\/ul><p class=\"p1\">Al\u00e9m disso, o Utilizador pode, a qualquer momento, apresentar uma reclama\u00e7\u00e3o relativa \u00e0 protec\u00e7\u00e3o dos seus dados pessoais \u00e0 autoridade reguladora competente.<\/p>\t\t\t\t\t\t\t\t<\/div>\n\t\t\t\t<\/div>\n\t\t\t\t<div class=\"elementor-element elementor-element-ba116d3 elementor-widget elementor-widget-text-editor\" data-id=\"ba116d3\" data-element_type=\"widget\" data-e-type=\"widget\" data-widget_type=\"text-editor.default\">\n\t\t\t\t<div class=\"elementor-widget-container\">\n\t\t\t\t\t\t\t\t\t<p><strong>Medidas de seguran\u00e7a<\/strong><\/p><p class=\"p1\">A Verde \u00c1gua tratar\u00e1 os dados do Utilizador sempre de forma absolutamente confidencial, em conformidade com o previsto no regulamento de protec\u00e7\u00e3o de dados e lei nacional de execu\u00e7\u00e3o do mesmo, adoptando, para o efeito, as medidas organizacionais e de car\u00e1cter t\u00e9cnico necess\u00e1rias para garantir a seguran\u00e7a dos seus dados e evitar a sua altera\u00e7\u00e3o, perda, tratamento ou acesso n\u00e3o autorizado, tendo em conta o estado da tecnologia, a natureza dos dados armazenados e os riscos a que est\u00e3o expostos.<\/p><p class=\"p3\">Data da \u00faltima actualiza\u00e7\u00e3o: 22 de Dezembro de 2020<\/p><p class=\"p3\">Este documento est\u00e1 em constante verifica\u00e7\u00e3o e actualiza\u00e7\u00e3o, pelo que aconselhamos a sua consulta regular.<\/p>\t\t\t\t\t\t\t\t<\/div>\n\t\t\t\t<\/div>\n\t\t\t\t\t<\/div>\n\t\t<\/div>\n\t\t\t\t\t<\/div>\n\t\t<\/section>\n\t\t\t\t<\/div>\n\t\t","protected":false},"excerpt":{"rendered":"<p>Titular: Verde \u00c1gua \u2013 Agroturismo e Agricultura Biol\u00f3gica (doravante \u201cVerde \u00c1gua\u201d)\u00a0 (Joana Gouveia)NIF: 217665560Sede social: Rua de Vila Verde, 319, 4690-680 SouseloE-mail: geral@verdeaguanatureza.com Informa\u00e7\u00f5es e consentimento Atrav\u00e9s da leitura desta Pol\u00edtica de Privacidade, o Utilizador \u00e9 informado da forma como a Verde \u00c1gua obt\u00e9m, trata e protege os dados pessoais que lhe s\u00e3o enviados atrav\u00e9s [&hellip;]<\/p>\n","protected":false},"author":1,"featured_media":0,"parent":0,"menu_order":0,"comment_status":"closed","ping_status":"closed","template":"","meta":{"footnotes":""},"class_list":["post-1755","page","type-page","status-publish","hentry"],"yoast_head":"<!-- This site is optimized with the Yoast SEO plugin v27.5 - https:\/\/yoast.com\/product\/yoast-seo-wordpress\/ -->\n<title>Pol\u00edtica de privacidade - Verde \u00c1gua Natureza<\/title>\n<meta name=\"robots\" content=\"index, follow, max-snippet:-1, max-image-preview:large, max-video-preview:-1\" \/>\n<link rel=\"canonical\" href=\"https:\/\/verdeaguanatureza.com\/pt-pt\/politica-de-privacidade\/\" \/>\n<meta property=\"og:locale\" content=\"pt_PT\" \/>\n<meta property=\"og:type\" content=\"article\" \/>\n<meta property=\"og:title\" content=\"Pol\u00edtica de privacidade - Verde \u00c1gua Natureza\" \/>\n<meta property=\"og:description\" content=\"Titular: Verde \u00c1gua \u2013 Agroturismo e Agricultura Biol\u00f3gica (doravante \u201cVerde \u00c1gua\u201d)\u00a0 (Joana Gouveia)NIF: 217665560Sede social: Rua de Vila Verde, 319, 4690-680 SouseloE-mail: geral@verdeaguanatureza.com Informa\u00e7\u00f5es e consentimento Atrav\u00e9s da leitura desta Pol\u00edtica de Privacidade, o Utilizador \u00e9 informado da forma como a Verde \u00c1gua obt\u00e9m, trata e protege os dados pessoais que lhe s\u00e3o enviados atrav\u00e9s [&hellip;]\" \/>\n<meta property=\"og:url\" content=\"https:\/\/verdeaguanatureza.com\/pt-pt\/politica-de-privacidade\/\" \/>\n<meta property=\"og:site_name\" content=\"Verde \u00c1gua Natureza\" \/>\n<meta property=\"article:publisher\" content=\"https:\/\/www.facebook.com\/verdeaguanatureza-112147207229298\" \/>\n<meta property=\"article:modified_time\" content=\"2021-03-24T12:53:59+00:00\" \/>\n<meta name=\"twitter:card\" content=\"summary_large_image\" \/>\n<meta name=\"twitter:label1\" content=\"Tempo estimado de leitura\" \/>\n\t<meta name=\"twitter:data1\" content=\"8 minutos\" \/>\n<script type=\"application\/ld+json\" class=\"yoast-schema-graph\">{\"@context\":\"https:\\\/\\\/schema.org\",\"@graph\":[{\"@type\":\"WebPage\",\"@id\":\"https:\\\/\\\/verdeaguanatureza.com\\\/pt-pt\\\/politica-de-privacidade\\\/\",\"url\":\"https:\\\/\\\/verdeaguanatureza.com\\\/pt-pt\\\/politica-de-privacidade\\\/\",\"name\":\"Pol\u00edtica de privacidade - Verde \u00c1gua Natureza\",\"isPartOf\":{\"@id\":\"https:\\\/\\\/verdeaguanatureza.com\\\/pt-pt\\\/#website\"},\"datePublished\":\"2021-03-24T12:23:47+00:00\",\"dateModified\":\"2021-03-24T12:53:59+00:00\",\"breadcrumb\":{\"@id\":\"https:\\\/\\\/verdeaguanatureza.com\\\/pt-pt\\\/politica-de-privacidade\\\/#breadcrumb\"},\"inLanguage\":\"pt-PT\",\"potentialAction\":[{\"@type\":\"ReadAction\",\"target\":[\"https:\\\/\\\/verdeaguanatureza.com\\\/pt-pt\\\/politica-de-privacidade\\\/\"]}]},{\"@type\":\"BreadcrumbList\",\"@id\":\"https:\\\/\\\/verdeaguanatureza.com\\\/pt-pt\\\/politica-de-privacidade\\\/#breadcrumb\",\"itemListElement\":[{\"@type\":\"ListItem\",\"position\":1,\"name\":\"Home\",\"item\":\"https:\\\/\\\/verdeaguanatureza.com\\\/pt-pt\\\/\"},{\"@type\":\"ListItem\",\"position\":2,\"name\":\"Pol\u00edtica de privacidade\"}]},{\"@type\":\"WebSite\",\"@id\":\"https:\\\/\\\/verdeaguanatureza.com\\\/pt-pt\\\/#website\",\"url\":\"https:\\\/\\\/verdeaguanatureza.com\\\/pt-pt\\\/\",\"name\":\"Verde \u00c1gua\",\"description\":\"Agricultura Biol\u00f3gica | Agroturismo\",\"publisher\":{\"@id\":\"https:\\\/\\\/verdeaguanatureza.com\\\/pt-pt\\\/#organization\"},\"potentialAction\":[{\"@type\":\"SearchAction\",\"target\":{\"@type\":\"EntryPoint\",\"urlTemplate\":\"https:\\\/\\\/verdeaguanatureza.com\\\/pt-pt\\\/?s={search_term_string}\"},\"query-input\":{\"@type\":\"PropertyValueSpecification\",\"valueRequired\":true,\"valueName\":\"search_term_string\"}}],\"inLanguage\":\"pt-PT\"},{\"@type\":\"Organization\",\"@id\":\"https:\\\/\\\/verdeaguanatureza.com\\\/pt-pt\\\/#organization\",\"name\":\"Verde \u00c1gua Natureza\",\"url\":\"https:\\\/\\\/verdeaguanatureza.com\\\/pt-pt\\\/\",\"logo\":{\"@type\":\"ImageObject\",\"inLanguage\":\"pt-PT\",\"@id\":\"https:\\\/\\\/verdeaguanatureza.com\\\/pt-pt\\\/#\\\/schema\\\/logo\\\/image\\\/\",\"url\":\"https:\\\/\\\/verdeaguanatureza.com\\\/wp-content\\\/uploads\\\/2021\\\/01\\\/verde-agua-logo.svg\",\"contentUrl\":\"https:\\\/\\\/verdeaguanatureza.com\\\/wp-content\\\/uploads\\\/2021\\\/01\\\/verde-agua-logo.svg\",\"width\":1,\"height\":1,\"caption\":\"Verde \u00c1gua Natureza\"},\"image\":{\"@id\":\"https:\\\/\\\/verdeaguanatureza.com\\\/pt-pt\\\/#\\\/schema\\\/logo\\\/image\\\/\"},\"sameAs\":[\"https:\\\/\\\/www.facebook.com\\\/verdeaguanatureza-112147207229298\",\"https:\\\/\\\/www.instagram.com\\\/verdeaguanatureza\\\/\"]}]}<\/script>\n<!-- \/ Yoast SEO plugin. -->","yoast_head_json":{"title":"Pol\u00edtica de privacidade - Verde \u00c1gua Natureza","robots":{"index":"index","follow":"follow","max-snippet":"max-snippet:-1","max-image-preview":"max-image-preview:large","max-video-preview":"max-video-preview:-1"},"canonical":"https:\/\/verdeaguanatureza.com\/pt-pt\/politica-de-privacidade\/","og_locale":"pt_PT","og_type":"article","og_title":"Pol\u00edtica de privacidade - Verde \u00c1gua Natureza","og_description":"Titular: Verde \u00c1gua \u2013 Agroturismo e Agricultura Biol\u00f3gica (doravante \u201cVerde \u00c1gua\u201d)\u00a0 (Joana Gouveia)NIF: 217665560Sede social: Rua de Vila Verde, 319, 4690-680 SouseloE-mail: geral@verdeaguanatureza.com Informa\u00e7\u00f5es e consentimento Atrav\u00e9s da leitura desta Pol\u00edtica de Privacidade, o Utilizador \u00e9 informado da forma como a Verde \u00c1gua obt\u00e9m, trata e protege os dados pessoais que lhe s\u00e3o enviados atrav\u00e9s [&hellip;]","og_url":"https:\/\/verdeaguanatureza.com\/pt-pt\/politica-de-privacidade\/","og_site_name":"Verde \u00c1gua Natureza","article_publisher":"https:\/\/www.facebook.com\/verdeaguanatureza-112147207229298","article_modified_time":"2021-03-24T12:53:59+00:00","twitter_card":"summary_large_image","twitter_misc":{"Tempo estimado de leitura":"8 minutos"},"schema":{"@context":"https:\/\/schema.org","@graph":[{"@type":"WebPage","@id":"https:\/\/verdeaguanatureza.com\/pt-pt\/politica-de-privacidade\/","url":"https:\/\/verdeaguanatureza.com\/pt-pt\/politica-de-privacidade\/","name":"Pol\u00edtica de privacidade - Verde \u00c1gua Natureza","isPartOf":{"@id":"https:\/\/verdeaguanatureza.com\/pt-pt\/#website"},"datePublished":"2021-03-24T12:23:47+00:00","dateModified":"2021-03-24T12:53:59+00:00","breadcrumb":{"@id":"https:\/\/verdeaguanatureza.com\/pt-pt\/politica-de-privacidade\/#breadcrumb"},"inLanguage":"pt-PT","potentialAction":[{"@type":"ReadAction","target":["https:\/\/verdeaguanatureza.com\/pt-pt\/politica-de-privacidade\/"]}]},{"@type":"BreadcrumbList","@id":"https:\/\/verdeaguanatureza.com\/pt-pt\/politica-de-privacidade\/#breadcrumb","itemListElement":[{"@type":"ListItem","position":1,"name":"Home","item":"https:\/\/verdeaguanatureza.com\/pt-pt\/"},{"@type":"ListItem","position":2,"name":"Pol\u00edtica de privacidade"}]},{"@type":"WebSite","@id":"https:\/\/verdeaguanatureza.com\/pt-pt\/#website","url":"https:\/\/verdeaguanatureza.com\/pt-pt\/","name":"Verde \u00c1gua","description":"Agricultura Biol\u00f3gica | Agroturismo","publisher":{"@id":"https:\/\/verdeaguanatureza.com\/pt-pt\/#organization"},"potentialAction":[{"@type":"SearchAction","target":{"@type":"EntryPoint","urlTemplate":"https:\/\/verdeaguanatureza.com\/pt-pt\/?s={search_term_string}"},"query-input":{"@type":"PropertyValueSpecification","valueRequired":true,"valueName":"search_term_string"}}],"inLanguage":"pt-PT"},{"@type":"Organization","@id":"https:\/\/verdeaguanatureza.com\/pt-pt\/#organization","name":"Verde \u00c1gua Natureza","url":"https:\/\/verdeaguanatureza.com\/pt-pt\/","logo":{"@type":"ImageObject","inLanguage":"pt-PT","@id":"https:\/\/verdeaguanatureza.com\/pt-pt\/#\/schema\/logo\/image\/","url":"https:\/\/verdeaguanatureza.com\/wp-content\/uploads\/2021\/01\/verde-agua-logo.svg","contentUrl":"https:\/\/verdeaguanatureza.com\/wp-content\/uploads\/2021\/01\/verde-agua-logo.svg","width":1,"height":1,"caption":"Verde \u00c1gua Natureza"},"image":{"@id":"https:\/\/verdeaguanatureza.com\/pt-pt\/#\/schema\/logo\/image\/"},"sameAs":["https:\/\/www.facebook.com\/verdeaguanatureza-112147207229298","https:\/\/www.instagram.com\/verdeaguanatureza\/"]}]}},"_links":{"self":[{"href":"https:\/\/verdeaguanatureza.com\/pt-pt\/wp-json\/wp\/v2\/pages\/1755","targetHints":{"allow":["GET"]}}],"collection":[{"href":"https:\/\/verdeaguanatureza.com\/pt-pt\/wp-json\/wp\/v2\/pages"}],"about":[{"href":"https:\/\/verdeaguanatureza.com\/pt-pt\/wp-json\/wp\/v2\/types\/page"}],"author":[{"embeddable":true,"href":"https:\/\/verdeaguanatureza.com\/pt-pt\/wp-json\/wp\/v2\/users\/1"}],"replies":[{"embeddable":true,"href":"https:\/\/verdeaguanatureza.com\/pt-pt\/wp-json\/wp\/v2\/comments?post=1755"}],"version-history":[{"count":4,"href":"https:\/\/verdeaguanatureza.com\/pt-pt\/wp-json\/wp\/v2\/pages\/1755\/revisions"}],"predecessor-version":[{"id":1773,"href":"https:\/\/verdeaguanatureza.com\/pt-pt\/wp-json\/wp\/v2\/pages\/1755\/revisions\/1773"}],"wp:attachment":[{"href":"https:\/\/verdeaguanatureza.com\/pt-pt\/wp-json\/wp\/v2\/media?parent=1755"}],"curies":[{"name":"wp","href":"https:\/\/api.w.org\/{rel}","templated":true}]}}